{"id":1650,"date":"2023-08-31T04:39:06","date_gmt":"2023-08-31T02:39:06","guid":{"rendered":"https:\/\/lycee-valentine-labbe.fr\/wordpress\/?page_id=1650"},"modified":"2025-09-12T08:52:16","modified_gmt":"2025-09-12T06:52:16","slug":"f-a-q-foire-aux-questions","status":"publish","type":"page","link":"https:\/\/lycee-valentine-labbe.fr\/wordpress\/f-a-q-foire-aux-questions\/","title":{"rendered":"F.A.Q"},"content":{"rendered":"<h1 style=\"text-align: center;\">FAQ Site du lyc\u00e9e\u00a0:<\/h1>\n<h4 style=\"font-weight: 400;\"><span style=\"text-decoration: underline;\">Vous souhaitez r\u00e9gulariser l\u2019absence de votre enfant\u00a0:<\/span><\/h4>\n<ul>\n<li>via Pronote\u00a0:<\/li>\n<\/ul>\n<p style=\"font-weight: 400;\"><a href=\"https:\/\/www.index-education.com\/fr\/tutoriels-video-pronote-687-26-justifier-une-absence-espace-parents.php\">https:\/\/www.index-education.com\/fr\/tutoriels-video-pronote-687-26-justifier-une-absence-espace-parents.php<\/a><\/p>\n<ul>\n<li>via l\u2019adresse mail\u00a0suivante :<\/li>\n<\/ul>\n<p style=\"font-weight: 400;\">Adresse mail\u00a0: <a href=\"mailto:vie-scolaire.0590122m@ac-lille.fr\">vie-scolaire.0590122m@ac-lille.fr<\/a><\/p>\n<p style=\"font-weight: 400;\">Adresse mail\u00a0: \u00a0 <a href=\"mailto:internat.0590122m@ac-lille.fr\">internat.0590122m@ac-lille.fr<\/a><\/p>\n<ul>\n<li>En apportant un justificatif \u00e9crit au bureau de la Vie Scolaire (certificat m\u00e9dical \/ Convocation administrative\u2026)<\/li>\n<\/ul>\n<h4 style=\"font-weight: 400;\"><span style=\"text-decoration: underline;\">Vous souhaitez communiquer avec un enseignant ou un CPE<\/span><\/h4>\n<ul>\n<li>Envoyer un message via l\u2019ENT ou via Pronote<\/li>\n<\/ul>\n<h4 style=\"font-weight: 400;\"><span style=\"text-decoration: underline;\">Comment se connecter \u00e0 l\u2019ENT\u00a0?<\/span><\/h4>\n<ul>\n<li>Utiliser le service de EduConnect<\/li>\n<li>Acc\u00e9der \u00e0 l\u2019onglet ENT via le site du lyc\u00e9e<\/li>\n<\/ul>\n<h4 style=\"font-weight: 400;\"><span style=\"text-decoration: underline;\">J\u2019ai perdu mes codes ENT\u00a0:<\/span><\/h4>\n<ul>\n<li><a href=\"https:\/\/lycee-valentine-labbe.fr\/wordpress\/information-ent-espace-numerique-de-travail\/\">https:\/\/lycee-valentine-labbe.fr\/wordpress\/information-ent-espace-numerique-de-travail\/<\/a><\/li>\n<\/ul>\n<h4 style=\"font-weight: 400;\"><span style=\"text-decoration: underline;\">Je rencontre un probl\u00e8me avec la carte HDF\u00a0:<\/span><\/h4>\n<ul>\n<li>Contactez Mme Willaey\u00a0: <a href=\"mailto:ce.0590122m@ac-lille.fr\" target=\"_blank\" rel=\"noopener\">ce.0590122m@ac-lille.fr<\/a><\/li>\n<\/ul>\n<h4 style=\"font-weight: 400;\"><span style=\"text-decoration: underline;\">J\u2019ai besoin d\u2019un certificat de scolarit\u00e9\u00a0:<\/span><\/h4>\n<ul>\n<li>Les documents seront transmis la premi\u00e8re quinzaine \u00e0 de septembre \u00e0 tous les \u00e9l\u00e8ves<\/li>\n<\/ul>\n<p style=\"font-weight: 400;\"><span style=\"text-decoration: underline;\">Si besoin particulier dans l\u2019ann\u00e9e contacter le secr\u00e9tariat de scolarit\u00e9 :<\/span>\u00a0 <span style=\"text-decoration: underline;\"><a href=\"mailto:secretariat-scolarite.0590122m@ac-lille.fr\">secretariat-scolarite.0590122m@ac-lille.fr<\/a><\/span><\/p>\n<p style=\"font-weight: 400;\"><span style=\"text-decoration: underline;\">Pour les probl\u00e8mes relatifs \u00e0 la bourse ou \u00e0 la demi-pension :<\/span><\/p>\n<ul>\n<li>Contactez le service de l\u2019intendance \u00a0: <a href=\"mailto:intendant.0590122m@ac-lille.fr\" target=\"_blank\" rel=\"noopener\">intendant.0590122m@ac-lille.fr<\/a><\/li>\n<\/ul>\n<p>&nbsp;<\/p>\n","protected":false},"excerpt":{"rendered":"<p>FAQ Site du lyc\u00e9e\u00a0: Vous souhaitez r\u00e9gulariser l\u2019absence de votre enfant\u00a0: via Pronote\u00a0: https:\/\/www.index-education.com\/fr\/tutoriels-video-pronote-687-26-justifier-une-absence-espace-parents.php via l\u2019adresse mail\u00a0suivante : Adresse mail\u00a0: vie-scolaire.0590122m@ac-lille.fr Adresse mail\u00a0: \u00a0 internat.0590122m@ac-lille.fr En apportant un justificatif \u00e9crit au bureau de la Vie Scolaire (certificat m\u00e9dical \/ Convocation administrative\u2026) Vous souhaitez communiquer avec un enseignant ou un CPE Envoyer un message via l\u2019ENT&hellip; <br \/> <a class=\"read-more\" href=\"https:\/\/lycee-valentine-labbe.fr\/wordpress\/f-a-q-foire-aux-questions\/\">Lire la suite<\/a><\/p>\n","protected":false},"author":1,"featured_media":1651,"parent":0,"menu_order":0,"comment_status":"closed","ping_status":"closed","template":"","meta":{"footnotes":""},"class_list":["post-1650","page","type-page","status-publish","has-post-thumbnail","hentry"],"_links":{"self":[{"href":"https:\/\/lycee-valentine-labbe.fr\/wordpress\/wp-json\/wp\/v2\/pages\/1650","targetHints":{"allow":["GET"]}}],"collection":[{"href":"https:\/\/lycee-valentine-labbe.fr\/wordpress\/wp-json\/wp\/v2\/pages"}],"about":[{"href":"https:\/\/lycee-valentine-labbe.fr\/wordpress\/wp-json\/wp\/v2\/types\/page"}],"author":[{"embeddable":true,"href":"https:\/\/lycee-valentine-labbe.fr\/wordpress\/wp-json\/wp\/v2\/users\/1"}],"replies":[{"embeddable":true,"href":"https:\/\/lycee-valentine-labbe.fr\/wordpress\/wp-json\/wp\/v2\/comments?post=1650"}],"version-history":[{"count":6,"href":"https:\/\/lycee-valentine-labbe.fr\/wordpress\/wp-json\/wp\/v2\/pages\/1650\/revisions"}],"predecessor-version":[{"id":1742,"href":"https:\/\/lycee-valentine-labbe.fr\/wordpress\/wp-json\/wp\/v2\/pages\/1650\/revisions\/1742"}],"wp:featuredmedia":[{"embeddable":true,"href":"https:\/\/lycee-valentine-labbe.fr\/wordpress\/wp-json\/wp\/v2\/media\/1651"}],"wp:attachment":[{"href":"https:\/\/lycee-valentine-labbe.fr\/wordpress\/wp-json\/wp\/v2\/media?parent=1650"}],"curies":[{"name":"wp","href":"https:\/\/api.w.org\/{rel}","templated":true}]}}